{"id":102,"date":"2026-04-29T11:32:56","date_gmt":"2026-04-29T09:32:56","guid":{"rendered":"https:\/\/centralsolarchibuto.co.mz\/?page_id=102"},"modified":"2026-04-30T00:51:36","modified_gmt":"2026-04-29T22:51:36","slug":"contexto","status":"publish","type":"page","link":"https:\/\/centralsolarchibuto.co.mz\/en\/sobre-a-csc\/contexto\/","title":{"rendered":"Contexto"},"content":{"rendered":"<section class=\"bde-section-102-100 bde-section\">\n              \n  \n  \n\t\n\n  <div class=\"section-background-overlay\"><\/div>\n\n\n<div class=\"section-container\"><h2 class=\"bde-heading-102-101 bde-heading\">\nContexto\n<\/h2><div class=\"bde-breadcrumbs-102-102 bde-breadcrumbs\"><nav aria-label=\"breadcrumbs\" class=\"rank-math-breadcrumb\"><p><span class=\"last\">CSC<\/span><\/p><\/nav><\/div><\/div>\n<\/section><section class=\"bde-section-102-103 bde-section\">\n  \n  \n\t\n\n\n\n<div class=\"section-container\"><div class=\"bde-columns-102-104 bde-columns\"><div class=\"bde-column-102-108 bde-column\">\n  \n  \n\t\n\n\n\n<img decoding=\"async\" class=\"bde-image2-102-109 bde-image2\" src=\"https:\/\/centralsolarchibuto.co.mz\/wp-content\/uploads\/2026\/04\/z-udpkynqa.jpg\" alt=\"a close up of a metal gate with a sky background\" loading=\"lazy\" srcset=\"https:\/\/centralsolarchibuto.co.mz\/wp-content\/uploads\/2026\/04\/z-udpkynqa.jpg 720w, https:\/\/centralsolarchibuto.co.mz\/wp-content\/uploads\/2026\/04\/z-udpkynqa-200x300.jpg 200w, https:\/\/centralsolarchibuto.co.mz\/wp-content\/uploads\/2026\/04\/z-udpkynqa-683x1024.jpg 683w, https:\/\/centralsolarchibuto.co.mz\/wp-content\/uploads\/2026\/04\/z-udpkynqa-8x12.jpg 8w\" sizes=\"(max-width: 720px) 100vw, 720px\">\n<\/div><div class=\"bde-column-102-105 bde-column\">\n  \n  \n\t\n\n\n\n<h4 class=\"bde-heading-102-106 bde-heading\">\nContexto\n<\/h4><div class=\"bde-rich-text-102-107 bde-rich-text breakdance-rich-text-styles\">\n<p>O Governo de Mo\u00e7ambique definiu como vector estrat\u00e9gico a universaliza\u00e7\u00e3o do acesso \u00e0 energia el\u00e9ctrica at\u00e9 2030, no quadro do <strong>Programa Nacional de Electrifica\u00e7\u00e3o<\/strong> (PROENERGIA), implementado pela Electricidade de Mo\u00e7ambique (EDM). Esta meta est\u00e1 alinhada com o Objectivo de Desenvolvimento Sustent\u00e1vel n.\u00ba 7 \u2013 Energia Acess\u00edvel e Limpa, e com os compromissos do pa\u00eds para a moderniza\u00e7\u00e3o do sistema energ\u00e9tico e mitiga\u00e7\u00e3o das altera\u00e7\u00f5es clim\u00e1ticas.<\/p><p>Apesar dos progressos registados, a taxa de electrifica\u00e7\u00e3o nacional mant\u00e9m-se abaixo da m\u00e9dia da SADC, sobretudo em \u00e1reas rurais e periurbanas. Neste contexto, a diversifica\u00e7\u00e3o da matriz energ\u00e9tica, com prioridade para fontes renov\u00e1veis, tornou-se essencial para garantir o acesso universal e um desenvolvimento sustent\u00e1vel e resiliente.<\/p><p>A n\u00edvel regional, a SADC tem vindo a promover uma maior integra\u00e7\u00e3o dos seus sistemas energ\u00e9ticos e a aposta em renov\u00e1veis como motor de seguran\u00e7a energ\u00e9tica. Mo\u00e7ambique destaca-se nesse cen\u00e1rio como um pa\u00eds com capacidade exportadora e potencial para se afirmar como hub energ\u00e9tico regional. A recente Estrat\u00e9gia Nacional para Transi\u00e7\u00e3o Energ\u00e9tica apresentada na COP28, consagra as fontes renov\u00e1veis como eixo priorit\u00e1rio do desenvolvimento nacional e regional.<\/p><p>Internamente, Mo\u00e7ambique regista avan\u00e7os significativos no sector: cerca de 62% da gera\u00e7\u00e3o el\u00e9ctrica prov\u00e9m de fontes renov\u00e1veis, em particular da h\u00eddrica, e a energia solar est\u00e1 a ganhar terreno com projectos como Mocuba, Metoro, Cuamba e Tetereane. A nova Lei da Electricidade e o C\u00f3digo de Energias Renov\u00e1veis, aprovados entre 2022 e 2023, criaram um enquadramento legal atractivo para o investimento privado no sector.<\/p><p>A n\u00edvel local, a prov\u00edncia de Gaza, onde se situa o Projecto da Central Solar de Chibuto, apresenta condi\u00e7\u00f5es ideais para a gera\u00e7\u00e3o fotovoltaica: radia\u00e7\u00e3o solar elevada (superior a 5 kWh\/m\u00b2\/dia), relevo plano, vastos terrenos dispon\u00edveis e proximidade \u00e0 rede nacional. O projecto surge, assim, como uma resposta concreta aos desafios de electrifica\u00e7\u00e3o e estabilidade da rede no sul do pa\u00eds.<\/p><p>Com uma capacidade instalada de 95 MWac, a Central Solar de Chibuto contribuir\u00e1 de forma decisiva para:<\/p>\n<\/div><div class=\"bde-icon-list-102-121 bde-icon-list\">\n<ul>\n  \n              \n    <li>\n              <div class='bde-icon-list__item-wrapper'>\n      \n      <span class='bde-icon-list__icon' aria-hidden='true'>\n        <svg xmlns=\"http:\/\/www.w3.org\/2000\/svg\" viewbox=\"0 0 640 640\"><!--! Font Awesome Pro 7.2.0 by @fontawesome - https:\/\/fontawesome.com License - https:\/\/fontawesome.com\/license (Commercial License) Copyright 2026 Fonticons, Inc. --><path fill=\"currentColor\" d=\"M480 96C515.3 96 544 124.7 544 160L544 480C544 515.3 515.3 544 480 544L160 544C124.7 544 96 515.3 96 480L96 160C96 124.7 124.7 96 160 96L480 96zM438 209.7C427.3 201.9 412.3 204.3 404.5 215L285.1 379.2L233 327.1C223.6 317.7 208.4 317.7 199.1 327.1C189.8 336.5 189.7 351.7 199.1 361L271.1 433C276.1 438 283 440.5 289.9 440C296.8 439.5 303.3 435.9 307.4 430.2L443.3 243.2C451.1 232.5 448.7 217.5 438 209.7z\"\/><\/svg>\n      <\/span>\n      <span class='bde-icon-list__text' >\n      <strong>Refor\u00e7ar a capacidade de produ\u00e7\u00e3o nacional<\/strong>, com energia limpa e fi\u00e1vel;\n      <\/span>\n              <\/div>\n      \n    <\/li>\n\n  \n              \n    <li>\n              <div class='bde-icon-list__item-wrapper'>\n      \n      <span class='bde-icon-list__icon' aria-hidden='true'>\n        <svg xmlns=\"http:\/\/www.w3.org\/2000\/svg\" viewbox=\"0 0 640 640\"><!--! Font Awesome Pro 7.2.0 by @fontawesome - https:\/\/fontawesome.com License - https:\/\/fontawesome.com\/license (Commercial License) Copyright 2026 Fonticons, Inc. --><path fill=\"currentColor\" d=\"M480 96C515.3 96 544 124.7 544 160L544 480C544 515.3 515.3 544 480 544L160 544C124.7 544 96 515.3 96 480L96 160C96 124.7 124.7 96 160 96L480 96zM438 209.7C427.3 201.9 412.3 204.3 404.5 215L285.1 379.2L233 327.1C223.6 317.7 208.4 317.7 199.1 327.1C189.8 336.5 189.7 351.7 199.1 361L271.1 433C276.1 438 283 440.5 289.9 440C296.8 439.5 303.3 435.9 307.4 430.2L443.3 243.2C451.1 232.5 448.7 217.5 438 209.7z\"\/><\/svg>\n      <\/span>\n      <span class='bde-icon-list__text' >\n      <strong>Reduzir a depend\u00eancia de combust\u00edveis f\u00f3sseis<\/strong> e as emiss\u00f5es de gases com efeito de estufa;\n      <\/span>\n              <\/div>\n      \n    <\/li>\n\n  \n              \n    <li>\n              <div class='bde-icon-list__item-wrapper'>\n      \n      <span class='bde-icon-list__icon' aria-hidden='true'>\n        <svg xmlns=\"http:\/\/www.w3.org\/2000\/svg\" viewbox=\"0 0 640 640\"><!--! Font Awesome Pro 7.2.0 by @fontawesome - https:\/\/fontawesome.com License - https:\/\/fontawesome.com\/license (Commercial License) Copyright 2026 Fonticons, Inc. --><path fill=\"currentColor\" d=\"M480 96C515.3 96 544 124.7 544 160L544 480C544 515.3 515.3 544 480 544L160 544C124.7 544 96 515.3 96 480L96 160C96 124.7 124.7 96 160 96L480 96zM438 209.7C427.3 201.9 412.3 204.3 404.5 215L285.1 379.2L233 327.1C223.6 317.7 208.4 317.7 199.1 327.1C189.8 336.5 189.7 351.7 199.1 361L271.1 433C276.1 438 283 440.5 289.9 440C296.8 439.5 303.3 435.9 307.4 430.2L443.3 243.2C451.1 232.5 448.7 217.5 438 209.7z\"\/><\/svg>\n      <\/span>\n      <span class='bde-icon-list__text' >\n      <strong>Promover o desenvolvimento econ\u00f3mico regional<\/strong>, atrav\u00e9s da cria\u00e7\u00e3o de emprego e inclus\u00e3o social;\n      <\/span>\n              <\/div>\n      \n    <\/li>\n\n  \n              \n    <li>\n              <div class='bde-icon-list__item-wrapper'>\n      \n      <span class='bde-icon-list__icon' aria-hidden='true'>\n        <svg xmlns=\"http:\/\/www.w3.org\/2000\/svg\" viewbox=\"0 0 640 640\"><!--! Font Awesome Pro 7.2.0 by @fontawesome - https:\/\/fontawesome.com License - https:\/\/fontawesome.com\/license (Commercial License) Copyright 2026 Fonticons, Inc. --><path fill=\"currentColor\" d=\"M480 96C515.3 96 544 124.7 544 160L544 480C544 515.3 515.3 544 480 544L160 544C124.7 544 96 515.3 96 480L96 160C96 124.7 124.7 96 160 96L480 96zM438 209.7C427.3 201.9 412.3 204.3 404.5 215L285.1 379.2L233 327.1C223.6 317.7 208.4 317.7 199.1 327.1C189.8 336.5 189.7 351.7 199.1 361L271.1 433C276.1 438 283 440.5 289.9 440C296.8 439.5 303.3 435.9 307.4 430.2L443.3 243.2C451.1 232.5 448.7 217.5 438 209.7z\"\/><\/svg>\n      <\/span>\n      <span class='bde-icon-list__text' >\n      <strong>Aumentar a resili\u00eancia e efici\u00eancia do sistema el\u00e9ctrico nacional<\/strong>;\n      <\/span>\n              <\/div>\n      \n    <\/li>\n\n  \n              \n    <li>\n              <div class='bde-icon-list__item-wrapper'>\n      \n      <span class='bde-icon-list__icon' aria-hidden='true'>\n        <svg xmlns=\"http:\/\/www.w3.org\/2000\/svg\" viewbox=\"0 0 640 640\"><!--! Font Awesome Pro 7.2.0 by @fontawesome - https:\/\/fontawesome.com License - https:\/\/fontawesome.com\/license (Commercial License) Copyright 2026 Fonticons, Inc. --><path fill=\"currentColor\" d=\"M480 96C515.3 96 544 124.7 544 160L544 480C544 515.3 515.3 544 480 544L160 544C124.7 544 96 515.3 96 480L96 160C96 124.7 124.7 96 160 96L480 96zM438 209.7C427.3 201.9 412.3 204.3 404.5 215L285.1 379.2L233 327.1C223.6 317.7 208.4 317.7 199.1 327.1C189.8 336.5 189.7 351.7 199.1 361L271.1 433C276.1 438 283 440.5 289.9 440C296.8 439.5 303.3 435.9 307.4 430.2L443.3 243.2C451.1 232.5 448.7 217.5 438 209.7z\"\/><\/svg>\n      <\/span>\n      <span class='bde-icon-list__text' >\n      E <strong>posicionar Mo\u00e7ambique como refer\u00eancia regional<\/strong> em energias renov\u00e1veis no contexto da SADC.\n      <\/span>\n              <\/div>\n      \n    <\/li>\n\n  <\/ul>\n\n<\/div><div class=\"bde-rich-text-102-122 bde-rich-text breakdance-rich-text-styles\">\n<p>Este projecto integra-se num movimento mais amplo, no qual <strong>Mo\u00e7ambique assume um papel de lideran\u00e7a na transi\u00e7\u00e3o energ\u00e9tica<\/strong> na \u00c1frica Austral, com um ecossistema em crescimento, enquadramento regulat\u00f3rio robusto e crescente interesse de investidores nacionais e internacionais.<\/p>\n<\/div>\n<\/div><\/div><\/div>\n<\/section><section class=\"bde-section-102-110 bde-section\">\n  \n  \n\t\n\n\n\n<div class=\"section-container\"><div class=\"bde-advancedslider-102-111 bde-advancedslider\">\n<div class=\"breakdance-swiper-wrapper\" data-swiper-id=\"111\">\n  <div class=\"swiper\">\n    <div class=\"swiper-wrapper\">\n      <div class=\"bde-advancedslide-102-112 bde-advancedslide swiper-slide\"><div class=\"advanced-slider__slide\">\r\n  <div class=\"bde-simple-testimonial-102-113 bde-simple-testimonial\">\n\n\n\n    \n        \n\n\n\n    <div class='simple-testimonial__quote'>\n        <blockquote >\n            A Central Solar de Chibuto representa um marco importante na implementa\u00e7\u00e3o da nossa agenda nacional para o acesso universal \u00e0 electricidade at\u00e9 2030. Este projecto traduz, em ac\u00e7\u00f5es, o compromisso do Governo em providenciar acesso \u00e0 energia el\u00e9ctrica a todo o pa\u00eds, com especial enfoque no aproveitamento respons\u00e1vel dos nossos recursos naturais e na expans\u00e3o de fontes limpas e sustent\u00e1veis.<br>Num momento em que o mundo acelera o investimento em solu\u00e7\u00f5es energ\u00e9ticas resilientes, Mo\u00e7ambique reafirma o seu potencial como hub regional, com pol\u00edticas s\u00f3lidas, um quadro legal atractivo e projectos estruturantes como este.<br>Estamos a construir as bases de um sistema energ\u00e9tico inclusivo, diversificado e cada vez mais moderno, que responda \u00e0s necessidades das popula\u00e7\u00f5es e contribua para o crescimento econ\u00f3mico e o desenvolvimento social.\n        <\/blockquote>\n\n        \n            \n            \n            \n            \n                                <svg class='simple-testimonial__quote-mark left-icon' xmlns=\"http:\/\/www.w3.org\/2000\/svg\" viewbox=\"0 0 200 200\">\n        <path d=\"M198 12h-71.794v85.606L168.527 187l27.206-13.636-37.031-89.394H198V12ZM71.794 12H0v85.606L42.32 187l27.962-13.636L32.496 83.97h39.298V12Z\" fill=\"currentColor\"\/>\n    <\/svg>\n    <svg class='simple-testimonial__quote-mark right-icon' xmlns=\"http:\/\/www.w3.org\/2000\/svg\" viewbox=\"0 0 200 200\">\n        <path d=\"M198 12h-71.794v85.606L168.527 187l27.206-13.636-37.031-89.394H198V12ZM71.794 12H0v85.606L42.32 187l27.962-13.636L32.496 83.97h39.298V12Z\" fill=\"currentColor\"\/>\n    <\/svg>\n\n            \n        \n    <\/div>\n\n\n    <div class='simple-testimonial__author' >\n        Ministro dos Recursos Minerais e Energia\n    <\/div>\n\n\n\n\n<\/div>\r\n<\/div><\/div><div class=\"bde-advancedslide-102-116 bde-advancedslide swiper-slide\"><div class=\"advanced-slider__slide\">\r\n  <div class=\"bde-simple-testimonial-102-117 bde-simple-testimonial\">\n\n\n\n    \n        \n\n\n\n    <div class='simple-testimonial__quote'>\n        <blockquote >\n            A Central Solar de Chibuto constitui um projecto estrat\u00e9gico para a EDM, alinhado com os objectivos de diversifica\u00e7\u00e3o da matriz energ\u00e9tica nacional e expans\u00e3o sustent\u00e1vel da rede el\u00e9ctrica. Esta iniciativa representa mais do que a integra\u00e7\u00e3o de uma nova fonte de gera\u00e7\u00e3o \u2014 trata-se de um contributo directo para a estabilidade, fiabilidade e qualidade do fornecimento de energia no pa\u00eds, em especial nas regi\u00f5es do sul. Ao refor\u00e7armos a presen\u00e7a de energia limpa no sistema el\u00e9ctrico nacional, estamos tamb\u00e9m a avan\u00e7ar com determina\u00e7\u00e3o rumo \u00e0 meta de acesso universal \u00e0 electricidade at\u00e9 2030, contribuindo para o crescimento econ\u00f3mico e o desenvolvimento social de Mo\u00e7ambique.\n        <\/blockquote>\n\n        \n            \n            \n            \n            \n                                <svg class='simple-testimonial__quote-mark left-icon' xmlns=\"http:\/\/www.w3.org\/2000\/svg\" viewbox=\"0 0 200 200\">\n        <path d=\"M198 12h-71.794v85.606L168.527 187l27.206-13.636-37.031-89.394H198V12ZM71.794 12H0v85.606L42.32 187l27.962-13.636L32.496 83.97h39.298V12Z\" fill=\"currentColor\"\/>\n    <\/svg>\n    <svg class='simple-testimonial__quote-mark right-icon' xmlns=\"http:\/\/www.w3.org\/2000\/svg\" viewbox=\"0 0 200 200\">\n        <path d=\"M198 12h-71.794v85.606L168.527 187l27.206-13.636-37.031-89.394H198V12ZM71.794 12H0v85.606L42.32 187l27.962-13.636L32.496 83.97h39.298V12Z\" fill=\"currentColor\"\/>\n    <\/svg>\n\n            \n        \n    <\/div>\n\n\n    <div class='simple-testimonial__author' >\n        PCA da Electricidade de Mo\u00e7ambique (EDM)\n    <\/div>\n\n\n\n\n<\/div>\r\n<\/div><\/div>\n    <\/div>\n  <\/div>\n\n              <div class=\"swiper-button-prev\">\n            \n        <\/div>\n        <div class=\"swiper-button-next\">\n            \n        <\/div>\n    \n            <div class=\"swiper-pagination\"><\/div>\n    \n<\/div>\n\n<\/div><\/div>\n<\/section><section class=\"bde-section-102-114 bde-section\">\n  \n  \n\t\n\n\n\n<div class=\"section-container\"><img decoding=\"async\" class=\"bde-image2-102-115 bde-image2\" src=\"https:\/\/centralsolarchibuto.co.mz\/wp-content\/uploads\/2026\/04\/iopyz4hdcnq.jpg\" alt=\"a row of solar panels sitting on top of a sandy beach\" loading=\"lazy\" srcset=\"https:\/\/centralsolarchibuto.co.mz\/wp-content\/uploads\/2026\/04\/iopyz4hdcnq.jpg 1440w, https:\/\/centralsolarchibuto.co.mz\/wp-content\/uploads\/2026\/04\/iopyz4hdcnq-300x225.jpg 300w, https:\/\/centralsolarchibuto.co.mz\/wp-content\/uploads\/2026\/04\/iopyz4hdcnq-1024x768.jpg 1024w, https:\/\/centralsolarchibuto.co.mz\/wp-content\/uploads\/2026\/04\/iopyz4hdcnq-768x576.jpg 768w, https:\/\/centralsolarchibuto.co.mz\/wp-content\/uploads\/2026\/04\/iopyz4hdcnq-16x12.jpg 16w\" sizes=\"(max-width: 1440px) 100vw, 1440px\"><\/div>\n<\/section>","protected":false},"excerpt":{"rendered":"<p>Contexto CSC Contexto O Governo de Mo\u00e7ambique definiu como vector estrat\u00e9gico a universaliza\u00e7\u00e3o do acesso \u00e0 energia el\u00e9ctrica at\u00e9 2030, no quadro do Programa Nacional de Electrifica\u00e7\u00e3o (PROENERGIA), implementado pela Electricidade de Mo\u00e7ambique (EDM). Esta meta est\u00e1 alinhada com o Objectivo de Desenvolvimento Sustent\u00e1vel n.\u00ba 7 \u2013 Energia Acess\u00edvel e Limpa, e com os compromissos [&hellip;]<\/p>\n","protected":false},"author":1,"featured_media":0,"parent":100,"menu_order":0,"comment_status":"closed","ping_status":"closed","template":"","meta":{"inline_featured_image":false,"_breakdance_hide_in_design_set":false,"_breakdance_tags":"","footnotes":""},"class_list":["post-102","page","type-page","status-publish","hentry"],"_links":{"self":[{"href":"https:\/\/centralsolarchibuto.co.mz\/en\/wp-json\/wp\/v2\/pages\/102","targetHints":{"allow":["GET"]}}],"collection":[{"href":"https:\/\/centralsolarchibuto.co.mz\/en\/wp-json\/wp\/v2\/pages"}],"about":[{"href":"https:\/\/centralsolarchibuto.co.mz\/en\/wp-json\/wp\/v2\/types\/page"}],"author":[{"embeddable":true,"href":"https:\/\/centralsolarchibuto.co.mz\/en\/wp-json\/wp\/v2\/users\/1"}],"replies":[{"embeddable":true,"href":"https:\/\/centralsolarchibuto.co.mz\/en\/wp-json\/wp\/v2\/comments?post=102"}],"version-history":[{"count":5,"href":"https:\/\/centralsolarchibuto.co.mz\/en\/wp-json\/wp\/v2\/pages\/102\/revisions"}],"predecessor-version":[{"id":175,"href":"https:\/\/centralsolarchibuto.co.mz\/en\/wp-json\/wp\/v2\/pages\/102\/revisions\/175"}],"up":[{"embeddable":true,"href":"https:\/\/centralsolarchibuto.co.mz\/en\/wp-json\/wp\/v2\/pages\/100"}],"wp:attachment":[{"href":"https:\/\/centralsolarchibuto.co.mz\/en\/wp-json\/wp\/v2\/media?parent=102"}],"curies":[{"name":"wp","href":"https:\/\/api.w.org\/{rel}","templated":true}]}}